{"id":146,"date":"2021-02-24T11:44:40","date_gmt":"2021-02-24T11:44:40","guid":{"rendered":"http:\/\/www.sonnenpl\u00e4tzchen.at\/?page_id=146"},"modified":"2025-04-01T17:48:57","modified_gmt":"2025-04-01T17:48:57","slug":"willkommen-bei-sonnenplaetzchen","status":"publish","type":"page","link":"http:\/\/www.sonnenpl\u00e4tzchen.at\/willkommen\/","title":{"rendered":"Willkommen beim Sonnenpl\u00e4tzchen!"},"content":{"rendered":"\n<p>Sie suchen f\u00fcr Ihr Kind einen Betreuungsplatz? Eine kleine Gruppe, liebevolles Ambiente und ein famili\u00e4rer Umgang liegen Ihnen am Herzen? Dann sind Sie im Sonnenpl\u00e4tzchen genau richtig!<\/p>\n\n\n\n<p>Da ich angestellte Tagesmutter beim Tageselternzentrum bin, sind meine Betreuungspl\u00e4tze gef\u00f6rdert und daher besonders kosteng\u00fcnstig. N\u00e4here Informationen hierzu finden Sie unter&nbsp;<a href=\"http:\/\/test.xn--sonnenpltzchen-dib.at\/freie-plaetze\/\">freie Pl\u00e4tze<\/a>.<\/p>\n\n\n\n<p>Ein erstes pers\u00f6nliches Kennenlernen ist das<em>&nbsp;A und O<\/em>&nbsp;um f\u00fcr die optimale Betreuung Ihres Kindes den ersten Grundstein zu legen.<\/p>\n\n\n\n<p>Ich freue mich daher auf Ihre Kontaktaufnahme \ud83d\ude42<\/p>\n\n\n\n<p><strong>\u2026.und am Ende des Tages\u2026.<\/strong><br><strong>Sollen deine F\u00fc\u00dfe dreckig,<\/strong><br><strong>deine Haare zerzaust,<\/strong><br><strong>und deine Augen voller Leuchten sein\u2026\u2026<\/strong><\/p>\n","protected":false},"excerpt":{"rendered":"<p>Sie suchen f\u00fcr Ihr Kind einen Betreuungsplatz? Eine kleine Gruppe, liebevolles Ambiente und ein famili\u00e4rer Umgang liegen Ihnen am Herzen? Dann sind Sie im Sonnenpl\u00e4tzchen genau richtig! Da ich angestellte Tagesmutter beim Tageselternzentrum bin, sind meine Betreuungspl\u00e4tze gef\u00f6rdert und daher besonders kosteng\u00fcnstig. N\u00e4here Informationen hierzu finden Sie unter&nbsp;freie Pl\u00e4tze. Ein erstes pers\u00f6nliches Kennenlernen ist das&nbsp;A &hellip; <\/p>\n","protected":false},"author":1,"featured_media":23,"parent":0,"menu_order":0,"comment_status":"closed","ping_status":"closed","template":"","meta":{"footnotes":""},"class_list":["post-146","page","type-page","status-publish","has-post-thumbnail","hentry"],"_links":{"self":[{"href":"http:\/\/www.sonnenpl\u00e4tzchen.at\/willkommen\/wp-json\/wp\/v2\/pages\/146","targetHints":{"allow":["GET"]}}],"collection":[{"href":"http:\/\/www.sonnenpl\u00e4tzchen.at\/willkommen\/wp-json\/wp\/v2\/pages"}],"about":[{"href":"http:\/\/www.sonnenpl\u00e4tzchen.at\/willkommen\/wp-json\/wp\/v2\/types\/page"}],"author":[{"embeddable":true,"href":"http:\/\/www.sonnenpl\u00e4tzchen.at\/willkommen\/wp-json\/wp\/v2\/users\/1"}],"replies":[{"embeddable":true,"href":"http:\/\/www.sonnenpl\u00e4tzchen.at\/willkommen\/wp-json\/wp\/v2\/comments?post=146"}],"version-history":[{"count":4,"href":"http:\/\/www.sonnenpl\u00e4tzchen.at\/willkommen\/wp-json\/wp\/v2\/pages\/146\/revisions"}],"predecessor-version":[{"id":224,"href":"http:\/\/www.sonnenpl\u00e4tzchen.at\/willkommen\/wp-json\/wp\/v2\/pages\/146\/revisions\/224"}],"wp:featuredmedia":[{"embeddable":true,"href":"http:\/\/www.sonnenpl\u00e4tzchen.at\/willkommen\/wp-json\/wp\/v2\/media\/23"}],"wp:attachment":[{"href":"http:\/\/www.sonnenpl\u00e4tzchen.at\/willkommen\/wp-json\/wp\/v2\/media?parent=146"}],"curies":[{"name":"wp","href":"https:\/\/api.w.org\/{rel}","templated":true}]}}